{"id":2728,"date":"2026-07-17T09:50:07","date_gmt":"2026-07-17T07:50:07","guid":{"rendered":"https:\/\/www.astrid-lindgren-schule-koeln.de\/wordpress\/?page_id=2728"},"modified":"2026-07-17T09:50:07","modified_gmt":"2026-07-17T07:50:07","slug":"handykonzept","status":"publish","type":"page","link":"https:\/\/www.astrid-lindgren-schule-koeln.de\/wordpress\/handykonzept\/","title":{"rendered":"Handykonzept"},"content":{"rendered":"\n<p class=\"has-text-align-center has-large-font-size wp-block-paragraph\"><strong>Handyordnung f\u00fcr Schulen NRW<\/strong><\/p>\n\n\n\n<p class=\"has-text-align-center wp-block-paragraph\"><strong>GGS Astrid Lindgren<\/strong><\/p>\n\n\n\n<p class=\"has-text-align-center wp-block-paragraph\">(Stand 21.05.2024)<\/p>\n\n\n\n<h4 class=\"wp-block-heading\"><strong>Grunds\u00e4tze<\/strong><\/h4>\n\n\n\n<p class=\"wp-block-paragraph\">Die Nutzung digitaler Endger\u00e4te (Handys, Smartwatches, Tablets) im Schulalltag soll klar geregelt werden, um <strong>Lernprozesse<\/strong> <strong>zu unterst\u00fctzen, Ablenkungen zu minimieren und das soziale Miteinander zu f\u00f6rdern<\/strong>. Diese Ordnung schafft Transparenz und Verbindlichkeit f\u00fcr alle Beteiligten.<\/p>\n\n\n\n<h4 class=\"wp-block-heading\">Nutzung digitaler Endger\u00e4te im Schulalltag<\/h4>\n\n\n\n<h4 class=\"wp-block-heading\"><strong>2.1 Allgemeine Regelungen<\/strong><\/h4>\n\n\n\n<p class=\"wp-block-paragraph\"><strong>Auf dem Schulgel\u00e4nde (Geb\u00e4ude wie Schulhof und Sportst\u00e4tten)<\/strong> ist die private Nutzung von Handys und Smartwatches grunds\u00e4tzlich untersagt.<\/p>\n\n\n\n<p class=\"wp-block-paragraph\"><strong>W\u00e4hrend des Unterrichts<\/strong> m\u00fcssen digitale Ger\u00e4te ausgeschaltet oder im Flugmodus sein. Sie sind in der Tasche aufzubewahren und d\u00fcrfen nicht aus der Tasche genommen werden.<\/p>\n\n\n\n<p class=\"wp-block-paragraph\"><strong>Ton-, Bild- und Videoaufnahmen<\/strong> sind ohne ausdr\u00fcckliche Erlaubnis der Lehrkraft untersagt.<\/p>\n\n\n\n<h4 class=\"wp-block-heading\"><strong>2.2 Sonderregelungen<\/strong><\/h4>\n\n\n\n<p class=\"wp-block-paragraph\"><strong>Dringende F\u00e4lle:<\/strong> Sch\u00fcler*innen d\u00fcrfen im Sekretariat ihre Eltern kontaktieren.<\/p>\n\n\n\n<p class=\"wp-block-paragraph\"><strong>Medizinische Gr\u00fcnde:<\/strong> Sch\u00fcler*innen, die aus gesundheitlichen Gr\u00fcnden auf ein digitales Ger\u00e4t angewiesen sind (z.B. Diabetes), k\u00f6nnen eine Ausnahmegenehmigung bei der Schulleitung beantragen.<\/p>\n\n\n\n<p class=\"wp-block-paragraph\"><strong>Lehrkr\u00e4fte und Schulpersonal<\/strong> sollen aufgrund ihrer Vorbildfunktion Handys ausschlie\u00dflich in dienstlichen Zusammenh\u00e4ngen in daf\u00fcr vorgesehenen Bereichen (Teamraum) oder zu Unterrichtszwecken im Klassenraum nutzen.<\/p>\n\n\n\n<h4 class=\"wp-block-heading\"><strong>Konsequenzen bei Verst\u00f6\u00dfen<\/strong><\/h4>\n\n\n\n<p class=\"wp-block-paragraph\">Verst\u00f6\u00dfe gegen die Handyordnung k\u00f6nnen erzieherische Einwirkungen und\/oder Ordnungsma\u00dfnahmen (\u00a7 53 SchulG) nach sich ziehen: Im Rahmen der zu treffenden Entscheidung sind alle Umst\u00e4nde des Einzelfalls einzubeziehen. Eine Orientierung bietet der folgende Rahmen:<\/p>\n\n\n\n<figure class=\"wp-block-table\"><table class=\"has-fixed-layout\"><tbody><tr><td><strong><u>Versto\u00df<\/u><\/strong><\/td><td><strong><u>Ma\u00dfnahme<\/u><\/strong><\/td><\/tr><tr><td><strong>Erstmalige Missachtung der Regeln<\/strong><\/td><td>Ermahnung durch die Lehrkraft<\/td><\/tr><tr><td><strong>Wiederholte Nutzung<\/strong> <strong>trotz Ermahnung<\/strong><\/td><td>Tempor\u00e4re Wegnahme und Einbehaltung des Ger\u00e4tes (regelhaft bis Ende des pers\u00f6nlichen Schultages)<\/td><\/tr><tr><td><strong>Wiederholter oder schwerwiegender Versto\u00df<\/strong> (z.B. heimliche Aufnahmen, St\u00f6rungen des Unterrichts)<\/td><td>Elternkontakt, Einbehaltung des Ger\u00e4tes, ggf. auch \u00fcber das Wochenende verbunden mit Abholung durch Eltern und Elterngespr\u00e4ch<\/td><\/tr><tr><td><strong>Verbreitung strafbarer Inhalte<\/strong> (z.B. Cybermobbing, gewaltverherrlichende und jungendgef\u00e4hrdende Inhalte)<\/td><td>Information an die Schulleitung, ggf. Anzeige bei den zust\u00e4ndigen Beh\u00f6rden und erzieherische Einwirkungen oder Ordnungsma\u00dfnahmen<\/td><\/tr><\/tbody><\/table><\/figure>\n\n\n\n<h4 class=\"wp-block-heading\"><strong>Kommunikation und Transparenz<\/strong><\/h4>\n\n\n\n<p class=\"wp-block-paragraph\">Diese Ordnung wird zu Schuljahresbeginn in allen Klassen vorgestellt. Sie ist auf der Homepage einsehbar. Erziehungsberechtigte werden \u00fcber die Regelungen schriftlich informiert. Die Einhaltung der Regelungen wird regelm\u00e4\u00dfig \u00fcberpr\u00fcft und bei Bedarf in einem partizipativen Prozess \u00fcberarbeitet.<\/p>\n\n\n\n<p class=\"wp-block-paragraph\"><strong>Orga-Club <\/strong>(vorgelegt am 05.05.2025)<\/p>\n\n\n\n<p class=\"wp-block-paragraph\"><strong>Lehrerkonferenz <\/strong>(vorgelegt am 06.05.2025)<\/p>\n\n\n\n<p class=\"wp-block-paragraph\"><strong>Kinderkonferenz <\/strong>(vorgelegt am 15.05.2025)<\/p>\n\n\n\n<p class=\"wp-block-paragraph\"><strong>Schulkonferenz <\/strong>(vorgelegt am 20.05.2025)<\/p>\n","protected":false},"excerpt":{"rendered":"<p>Handyordnung f\u00fcr Schulen NRW GGS Astrid Lindgren (Stand 21.05.2024) Grunds\u00e4tze Die Nutzung digitaler Endger\u00e4te (Handys, Smartwatches, Tablets) im Schulalltag soll klar geregelt werden, um Lernprozesse zu unterst\u00fctzen, Ablenkungen zu minimieren und das soziale Miteinander zu f\u00f6rdern. Diese Ordnung schafft Transparenz und Verbindlichkeit f\u00fcr alle Beteiligten. Nutzung digitaler Endger\u00e4te im Schulalltag 2.1 Allgemeine Regelungen Auf dem [&hellip;]<\/p>\n","protected":false},"author":1,"featured_media":2091,"parent":0,"menu_order":0,"comment_status":"closed","ping_status":"closed","template":"","meta":{"footnotes":""},"class_list":["post-2728","page","type-page","status-publish","has-post-thumbnail","hentry"],"_links":{"self":[{"href":"https:\/\/www.astrid-lindgren-schule-koeln.de\/wordpress\/wp-json\/wp\/v2\/pages\/2728","targetHints":{"allow":["GET"]}}],"collection":[{"href":"https:\/\/www.astrid-lindgren-schule-koeln.de\/wordpress\/wp-json\/wp\/v2\/pages"}],"about":[{"href":"https:\/\/www.astrid-lindgren-schule-koeln.de\/wordpress\/wp-json\/wp\/v2\/types\/page"}],"author":[{"embeddable":true,"href":"https:\/\/www.astrid-lindgren-schule-koeln.de\/wordpress\/wp-json\/wp\/v2\/users\/1"}],"replies":[{"embeddable":true,"href":"https:\/\/www.astrid-lindgren-schule-koeln.de\/wordpress\/wp-json\/wp\/v2\/comments?post=2728"}],"version-history":[{"count":1,"href":"https:\/\/www.astrid-lindgren-schule-koeln.de\/wordpress\/wp-json\/wp\/v2\/pages\/2728\/revisions"}],"predecessor-version":[{"id":2729,"href":"https:\/\/www.astrid-lindgren-schule-koeln.de\/wordpress\/wp-json\/wp\/v2\/pages\/2728\/revisions\/2729"}],"wp:featuredmedia":[{"embeddable":true,"href":"https:\/\/www.astrid-lindgren-schule-koeln.de\/wordpress\/wp-json\/wp\/v2\/media\/2091"}],"wp:attachment":[{"href":"https:\/\/www.astrid-lindgren-schule-koeln.de\/wordpress\/wp-json\/wp\/v2\/media?parent=2728"}],"curies":[{"name":"wp","href":"https:\/\/api.w.org\/{rel}","templated":true}]}}