{"id":137,"date":"2024-03-02T10:04:39","date_gmt":"2024-03-02T09:04:39","guid":{"rendered":"https:\/\/www.astrid-lindgren-schule-koeln.de\/wordpress\/?page_id=137"},"modified":"2026-09-01T14:23:26","modified_gmt":"2026-09-01T12:23:26","slug":"information","status":"publish","type":"page","link":"https:\/\/www.astrid-lindgren-schule-koeln.de\/wordpress\/information\/","title":{"rendered":"Aktuelles->Termine"},"content":{"rendered":"\n<h2 class=\"wp-block-heading has-text-align-center\" style=\"margin-top:var(--wp--preset--spacing--30);margin-bottom:var(--wp--preset--spacing--40)\">Aktuelles &#8211; Termine <\/h2>\n\n\n\n<div class=\"wp-block-columns alignwide is-layout-flex wp-container-core-columns-is-layout-fc2073f0 wp-block-columns-is-layout-flex\" style=\"margin-top:0;margin-bottom:0\">\n<div class=\"wp-block-column is-layout-flow wp-block-column-is-layout-flow\" style=\"border-style:none;border-width:0px\">\n<figure class=\"wp-block-flexible-table-block-table is-content-justification-center is-style-stripes\" style=\"margin-top:0;margin-bottom:var(--wp--preset--spacing--40)\"><table class=\"is-stacked-on-mobile\"><thead><tr><th colspan=\"4\" style=\"text-align:center;background-color:#fff4f1\">September 2026<\/th><\/tr><\/thead><tbody><tr><td style=\"background-color:#E5F1F6\">Mittwoch<\/td><td style=\"background-color:#E5F1F6\">02.09.<\/td><td style=\"background-color:#E5F1F6\"><\/td><td style=\"background-color:#E5F1F6\">1. Schultag<\/td><\/tr><tr><td>Donnerstag<\/td><td>03.09<\/td><td><\/td><td>Einschulung Gorillas und Gei\u00dfb\u00f6ckchen<\/td><\/tr><tr><td style=\"background-color:#E5F1F6\">Dienstag<\/td><td style=\"background-color:#E5F1F6\">08.09.<\/td><td style=\"background-color:#E5F1F6\"><\/td><td style=\"background-color:#E5F1F6\">Schulfotografin Stufe 1<\/td><\/tr><tr><td>Donnerstag<\/td><td>10.09.<\/td><td>08.45 Uhr<\/td><td>Gottesdienst<\/td><\/tr><tr><td><\/td><td><\/td><td><\/td><td>Verkehrserziehung Stufe 1<\/td><\/tr><tr><td>Dienstag<\/td><td>09.09.-16.09.<\/td><td><\/td><td>Elternpflegschaftssitzungen<\/td><\/tr><tr><td>Samstag<\/td><td>19.09.<\/td><td><\/td><td>Flohmarkt (Elternorganisation)<\/td><\/tr><tr><td>Mittwoch<\/td><td>23.09.<\/td><td><\/td><td>Kinderkonferenz <br>Schulpflegschaft und Schulkonferenz<\/td><\/tr><tr><td>Dienstag<\/td><td>29.09.<\/td><td>              <\/td><td>P\u00e4dagogischer Ganztag (OGS nach Abfrage ge\u00f6ffnet)<\/td><\/tr><tr><td>Mittwoch<\/td><td>30.09.<\/td><td>18.30 Uhr<\/td><td>Informationsabend Schulneulinge<\/td><\/tr><\/tbody><\/table><\/figure>\n\n\n\n<figure class=\"wp-block-flexible-table-block-table is-content-justification-center is-style-stripes\" style=\"margin-top:0;margin-bottom:var(--wp--preset--spacing--40)\"><table class=\"is-stacked-on-mobile\"><thead><tr><th colspan=\"4\" style=\"text-align:center;background-color:#fff4f1\">Oktober 2026<\/th><\/tr><\/thead><tbody><tr><td style=\"background-color:#E5F1F6\">Donnerstag<\/td><td style=\"background-color:#E5F1F6\">01.10.<\/td><td style=\"background-color:#E5F1F6\">08.45 Uhr<\/td><td style=\"background-color:#E5F1F6\">Gottesdienst<\/td><\/tr><tr><td>Freitag<strong> <\/strong><\/td><td>09.10.<\/td><td><\/td><td>Herbstlauf<\/td><\/tr><tr><td><strong>Montag<\/strong><\/td><td><strong>12.-15.10.<\/strong><\/td><td><strong>nach Terminvereinbarung<\/strong><\/td><td><strong>Schulanmeldung<\/strong><\/td><\/tr><tr><td>Mittwoch<\/td><td>14.10.<\/td><td><\/td><td>Kinderkonferenz<\/td><\/tr><tr><td>Donnerstag<\/td><td>16.10.<\/td><td><\/td><td>Herbstsingen<\/td><\/tr><tr><td colspan=\"4\" style=\"text-align:center\">Herbstferien vom 17.10. &#8211; 01.11.<br>OGS ge\u00f6ffnet (nur mit Anmeldung)<\/td><\/tr><\/tbody><\/table><\/figure>\n\n\n\n<figure class=\"wp-block-flexible-table-block-table is-content-justification-center is-style-stripes\" style=\"margin-top:0;margin-bottom:var(--wp--preset--spacing--40)\"><table class=\"is-stacked-on-mobile\"><thead><tr><th colspan=\"4\" style=\"text-align:center;background-color:#fff4f1\">November 2026<\/th><\/tr><\/thead><tbody><tr><td style=\"background-color:#E5F1F6\"><strong>Dienstag<\/strong><\/td><td style=\"background-color:#E5F1F6\"><strong>03.-06.11.<\/strong><\/td><td style=\"background-color:#E5F1F6\"><strong>nach<\/strong> <strong>Terminvereinbarung<\/strong><\/td><td style=\"background-color:#E5F1F6\"><strong>Schulanmeldung<\/strong><\/td><\/tr><tr><td>Montag<\/td><td>09.11.<\/td><td><\/td><td>St. Martin<\/td><\/tr><tr><td style=\"background-color:#E5F1F6\">Mittwoch<\/td><td style=\"background-color:#E5F1F6\">11.11.<\/td><td style=\"background-color:#E5F1F6\"><\/td><td style=\"background-color:#E5F1F6\">Kinderkonferenz<\/td><\/tr><tr><td><strong>Montag<\/strong><\/td><td><strong>16.-27.11.<\/strong><\/td><td><strong>nach Terminvereinbarung<\/strong><\/td><td><strong>Beratungswochen<\/strong><\/td><\/tr><tr><td>Donnerstag<\/td><td>19.11<\/td><td>08.45 Uhr <\/td><td>Gottesdienst<\/td><\/tr><tr><td>Freitag<\/td><td>20.11.<\/td><td><\/td><td>Vorlesetag mit anschlie\u00dfendem Lesecafe\u00b4<\/td><\/tr><tr><td><\/td><td><\/td><td><\/td><td>Informationsabend f\u00fcr weiterf\u00fchrende Schulen<\/td><\/tr><tr><td colspan=\"4\" style=\"text-align:center\">Elternberatungswochen vom 16.11. &#8211; 27.11.<\/td><\/tr><\/tbody><\/table><\/figure>\n\n\n\n<figure class=\"wp-block-flexible-table-block-table is-content-justification-center is-style-stripes\" style=\"margin-top:0;margin-bottom:var(--wp--preset--spacing--40)\"><table class=\"is-stacked-on-mobile\"><thead><tr><th colspan=\"4\" style=\"text-align:center;background-color:#fff4f1\">Dezember 2026<\/th><\/tr><\/thead><tbody><tr><td style=\"background-color:#E5F1F6\">Montag<\/td><td style=\"background-color:#E5F1F6\">07.12.<\/td><td style=\"background-color:#E5F1F6\"><\/td><td style=\"background-color:#E5F1F6\">Nikolausfeier in den Klassen und Lichterfest (nachmittags)<\/td><\/tr><tr><td>Dienstag<\/td><td>08.12.<\/td><td><\/td><td>P\u00e4dagogischer Ganztag (OGS nach Abfrage ge\u00f6ffnet)<\/td><\/tr><tr><td>Mittwoch<\/td><td>09.12.<\/td><td><\/td><td>Kinderkonferenz<\/td><\/tr><tr><td>Dienstag<\/td><td>15.12.<\/td><td>08.45 Uhr<\/td><td>Gottesdienst <\/td><\/tr><tr><td>Dienstag<\/td><td>22.12.<\/td><td>10.00 Uhr<\/td><td>Wintersingen<\/td><\/tr><tr><td colspan=\"4\" style=\"text-align:center\">Weihnachtsferien vom 23.12. &#8211; 06.01.<br>OGS am 04.- 06.01.27 ge\u00f6ffnet (f\u00fcr Stufe 1 auch am 23.12.26 ge\u00f6ffnet) (nur mit Anmeldung)<\/td><\/tr><\/tbody><\/table><\/figure>\n\n\n\n<figure class=\"wp-block-flexible-table-block-table is-content-justification-center is-style-stripes\" style=\"margin-top:0;margin-bottom:var(--wp--preset--spacing--40)\"><table class=\"is-stacked-on-mobile\"><thead><tr><th colspan=\"4\" style=\"text-align:center;background-color:#fff4f1\">Januar 2027<\/th><\/tr><\/thead><tbody><tr><td style=\"background-color:#E5F1F6\">Mittwoch<\/td><td style=\"background-color:#E5F1F6\">13.01.<\/td><td style=\"background-color:#E5F1F6\"><\/td><td style=\"background-color:#E5F1F6\">Kinderparlament<\/td><\/tr><tr><td>Freitag<\/td><td>15.01.<\/td><td><\/td><td>Zahn\u00e4rztin f\u00fcr Stufe 1 &amp; 3<\/td><\/tr><tr><td>Donnerstag<\/td><td>21.01<\/td><td>08.45 Uhr<\/td><td>Gottesdienst<\/td><\/tr><tr><td>Mittwoch<\/td><td>27.01.<\/td><td><\/td><td>Vorlesetag mit anschlie\u00dfendem Lesecafe\u00b4<\/td><\/tr><tr><td colspan=\"4\" style=\"text-align:center\"><\/td><\/tr><\/tbody><\/table><\/figure>\n\n\n\n<figure class=\"wp-block-flexible-table-block-table is-content-justification-center is-style-stripes\" style=\"margin-top:0;margin-bottom:var(--wp--preset--spacing--40)\"><table class=\"is-stacked-on-mobile\"><thead><tr><th colspan=\"4\" style=\"text-align:center;background-color:#fff4f1\">Februar 2027<\/th><\/tr><\/thead><tbody><tr><td style=\"background-color:#E5F1F6\">Mittwoch<\/td><td style=\"background-color:#E5F1F6\">03.02.<\/td><td style=\"background-color:#E5F1F6\"><\/td><td style=\"background-color:#E5F1F6\">Kinderkonferenz<\/td><\/tr><tr><td>Donnerstag<\/td><td>04.02.<\/td><td>9.00 Uhr bis 11.11 Uhr<\/td><td>Weiberfastnacht &#8211; Karnevalsfeier <br>OGS ge\u00f6ffnet bis 14.00 Uhr (nur mit Anmeldung)<\/td><\/tr><tr><td>Montag<\/td><td>08.02.<\/td><td>ganztags<\/td><td>Rosenmontag (unterrichtsfrei, OGS geschlossen)<\/td><\/tr><tr><td>Dienstag<\/td><td>09.02.<\/td><td><\/td><td>Teilnahme am Ihrefelder Veedelszug<br>OGS ge\u00f6ffnet bis 13:30 Uhr (nur mit Anmeldung)<\/td><\/tr><tr><td><strong>Freitag<\/strong><\/td><td><strong>12.02.<\/strong><\/td><td><\/td><td><strong>Zeugnisausgabe Stufe 3 &amp; 4<br>Unterrichtsende 10.45 Uhr f\u00fcr Klassen 3 &amp; 4<\/strong><\/td><\/tr><tr><td>Montag <\/td><td>15.02.<\/td><td><\/td><td>Beginn zweites Schulhalbjahr<\/td><\/tr><tr><td>Montag<\/td><td>22.02.<\/td><td>ganztags<\/td><td>P\u00e4dagogischer Ganztag (OGS geschlossen)<\/td><\/tr><tr><td>Donnerstag<\/td><td>25.02.<\/td><td>08.45 Uhr<\/td><td>Gottesdienst<\/td><\/tr><\/tbody><\/table><\/figure>\n\n\n\n<figure class=\"wp-block-flexible-table-block-table is-content-justification-center is-style-stripes\" style=\"margin-top:0;margin-bottom:var(--wp--preset--spacing--40)\"><table class=\"is-stacked-on-mobile\"><thead><tr><th colspan=\"4\" style=\"text-align:center;background-color:#fff4f1\">M\u00e4rz 2027<\/th><\/tr><\/thead><tbody><tr><td style=\"background-color:#E5F1F6\">Mittwoch<\/td><td style=\"background-color:#E5F1F6\">03.03.<\/td><td style=\"background-color:#E5F1F6\"><\/td><td style=\"background-color:#E5F1F6\">Kinderkonferenz<\/td><\/tr><tr><td><\/td><td><\/td><td><\/td><td>Fastenbrechen<\/td><\/tr><tr><td>Donnerstag<\/td><td>18.03.<\/td><td><\/td><td>Tag der Vielfalt<\/td><\/tr><tr><td>Donnerstag<\/td><td>18.03.<\/td><td>08.45 Uhr<\/td><td>Gottesdienst<\/td><\/tr><tr><td>Freitag<\/td><td>19.03.<\/td><td>10.00 Uhr<\/td><td>Fr\u00fchlingssingen<\/td><\/tr><tr><td colspan=\"4\">                                                             Osterferien vom 22.03. &#8211; 04.04.<br>                                     OGS vom 22.03. bis 25.03.27 ge\u00f6ffnet (nur mit Anmeldung)<br>                                              (f\u00fcr Stufe 1 auch vom 30.03. bis 02.04.27 ge\u00f6ffnet)<\/td><\/tr><\/tbody><\/table><\/figure>\n\n\n\n<figure class=\"wp-block-flexible-table-block-table is-content-justification-center is-style-stripes\" style=\"margin-top:0;margin-bottom:var(--wp--preset--spacing--40)\"><table class=\"is-stacked-on-mobile\"><thead><tr><th colspan=\"4\" style=\"text-align:center;background-color:#fff4f1\">April 2027<\/th><\/tr><\/thead><tbody><tr><td style=\"background-color:#E5F1F6\">Mittwoch<\/td><td style=\"background-color:#E5F1F6\">14.04.<\/td><td style=\"background-color:#E5F1F6\"><\/td><td style=\"background-color:#E5F1F6\">Kinderkonferenz<\/td><\/tr><tr><td>Donnerstag<\/td><td>20.04.<\/td><td>ganztags<\/td><td>P\u00e4dagogischer Ganztag <br>OGS ge\u00f6ffnet nach Abfrage&nbsp;<\/td><\/tr><tr><td>Donnerstag<\/td><td>22.04.<\/td><td><\/td><td>ALGS Putzmunter<\/td><\/tr><tr><td><strong>Mo. &#8211; Fr.<\/strong><\/td><td><strong>26. &#8211; 30.04.<\/strong><\/td><td><\/td><td><strong>Eltern-Kind-Sprechtage<\/strong><\/td><\/tr><\/tbody><\/table><\/figure>\n\n\n\n<figure class=\"wp-block-flexible-table-block-table is-content-justification-center is-style-stripes\" style=\"margin-top:0;margin-bottom:var(--wp--preset--spacing--40)\"><table class=\"is-stacked-on-mobile\"><thead><tr><th colspan=\"4\" style=\"text-align:center;background-color:#fff4f1\">Mai 2027<\/th><\/tr><\/thead><tbody><tr><td>Donnerstag<\/td><td>06.05. <\/td><td><\/td><td>unterrichtsfrei (Christi Himmelfahrt), OGS geschlossen<\/td><\/tr><tr><td>Freitag<\/td><td>07.05.<\/td><td><\/td><td>unterrichtsfrei (beweglicher Ferientag), OGS geschlossen<\/td><\/tr><tr><td>Mittwoch<\/td><td>12.05.<\/td><td><\/td><td>Kinderkonferenz<\/td><\/tr><tr><td>Montag<\/td><td>17.05.<\/td><td>ganztags<\/td><td>unterrichtsfrei (Pfingsten), OGS geschlossen <\/td><\/tr><tr><td>Dienstag<\/td><td>18.05<\/td><td>ganztags<\/td><td>unterrichtsfrei (Pfingstferien), OGS nur f\u00fcr Stufe 1 nach Anmeldung<\/td><\/tr><tr><td><\/td><td><\/td><td><\/td><td>Sportfestwoche<\/td><\/tr><tr><td>Donnerstag<\/td><td>27.05.<\/td><td>ganztags<\/td><td>unterrichtsfrei (Fronleichnam), OGS geschlossen<\/td><\/tr><tr><td>Freitag<\/td><td>28.05.<\/td><td>ganztags<\/td><td>unterrichtsfrei (beweglicher Ferientag), OGS geschlossen <\/td><\/tr><\/tbody><\/table><\/figure>\n\n\n\n<figure class=\"wp-block-flexible-table-block-table is-content-justification-center is-style-stripes\" style=\"margin-top:0;margin-bottom:var(--wp--preset--spacing--40)\"><table class=\"is-stacked-on-mobile\"><thead><tr><th colspan=\"4\" style=\"text-align:center;background-color:#fff4f1\">Juni 2027<\/th><\/tr><\/thead><tbody><tr><td>Donnerstag<\/td><td>03.06.<\/td><td><\/td><td>Gottesdienst<\/td><\/tr><tr><td>Mittwoch<\/td><td>09.06.<\/td><td><\/td><td>Kennenlerntag der zuk\u00fcnftigen Erstkl\u00e4ssler*innen<\/td><\/tr><tr><td><\/td><td><\/td><td><\/td><td>VERA Lesen Klassen 3<\/td><\/tr><tr><td><\/td><td><\/td><td><\/td><td>VERA Deutsch Klassen 3<\/td><\/tr><tr><td><\/td><td><\/td><td><\/td><td>VERA Mathe Klassen 3<\/td><\/tr><tr><td>Dienstag<\/td><td>14. &#8211; 18.06.<\/td><td><\/td><td>Verkehrswoche f\u00fcr Stufe 1 &#8211; 4<\/td><\/tr><tr><td>Mittwoch<\/td><td>16.06.<\/td><td><\/td><td>Kinderparlament<\/td><\/tr><tr><td colspan=\"4\">                                       Verkehrswoche vom 14.06. &#8211; 18.06. f\u00fcr alle Stufen<\/td><\/tr><\/tbody><\/table><\/figure>\n\n\n\n<figure class=\"wp-block-flexible-table-block-table is-content-justification-center is-style-stripes\" style=\"margin-top:0;margin-bottom:var(--wp--preset--spacing--40)\"><table class=\"is-stacked-on-mobile\"><thead><tr><th colspan=\"4\" style=\"text-align:center;background-color:#fff4f1\">Juli 2027<\/th><\/tr><\/thead><tbody><tr><td style=\"background-color:#E5F1F6\">Mittwoch<\/td><td style=\"background-color:#E5F1F6\">07.07.<\/td><td style=\"background-color:#E5F1F6\"><\/td><td style=\"background-color:#E5F1F6\">Kinderkonferenz<\/td><\/tr><tr><td>Montag<\/td><td>12.07.<\/td><td><\/td><td>Schulausflug<\/td><\/tr><tr><td><\/td><td><\/td><td><\/td><td>Abschiedsfeier der Stufe 4 <\/td><\/tr><tr><td>Donnerstag<\/td><td>15.07.<\/td><td>08.45 Uhr<\/td><td>Gottesdienst<\/td><\/tr><tr><td>Freitag<\/td><td>16.07.<\/td><td>10 Uhr <\/td><td>Sommersingen <\/td><\/tr><tr><td>Freitag<\/td><td>16.07.<\/td><td><\/td><td>Zeugnisausgabe, <br>Unterrichtende f\u00fcr alle um 10.45 Uhr<br>OGS nach Abfrage ge\u00f6ffnet<\/td><\/tr><tr><td colspan=\"4\" style=\"text-align:center\">Sommerferien vom 17.07. &#8211; 31.08.<br>OGS vom 19.07. &#8211; 06.08. ge\u00f6ffnet (nur mit Anmeldung)<\/td><\/tr><\/tbody><\/table><\/figure>\n<\/div>\n<\/div>\n\n\n\n<p class=\"wp-block-paragraph\"><\/p>\n","protected":false},"excerpt":{"rendered":"<p>Aktuelles &#8211; Termine<\/p>\n","protected":false},"author":1,"featured_media":2091,"parent":0,"menu_order":0,"comment_status":"closed","ping_status":"closed","template":"","meta":{"footnotes":""},"class_list":["post-137","page","type-page","status-publish","has-post-thumbnail","hentry"],"_links":{"self":[{"href":"https:\/\/www.astrid-lindgren-schule-koeln.de\/wordpress\/wp-json\/wp\/v2\/pages\/137","targetHints":{"allow":["GET"]}}],"collection":[{"href":"https:\/\/www.astrid-lindgren-schule-koeln.de\/wordpress\/wp-json\/wp\/v2\/pages"}],"about":[{"href":"https:\/\/www.astrid-lindgren-schule-koeln.de\/wordpress\/wp-json\/wp\/v2\/types\/page"}],"author":[{"embeddable":true,"href":"https:\/\/www.astrid-lindgren-schule-koeln.de\/wordpress\/wp-json\/wp\/v2\/users\/1"}],"replies":[{"embeddable":true,"href":"https:\/\/www.astrid-lindgren-schule-koeln.de\/wordpress\/wp-json\/wp\/v2\/comments?post=137"}],"version-history":[{"count":75,"href":"https:\/\/www.astrid-lindgren-schule-koeln.de\/wordpress\/wp-json\/wp\/v2\/pages\/137\/revisions"}],"predecessor-version":[{"id":2769,"href":"https:\/\/www.astrid-lindgren-schule-koeln.de\/wordpress\/wp-json\/wp\/v2\/pages\/137\/revisions\/2769"}],"wp:featuredmedia":[{"embeddable":true,"href":"https:\/\/www.astrid-lindgren-schule-koeln.de\/wordpress\/wp-json\/wp\/v2\/media\/2091"}],"wp:attachment":[{"href":"https:\/\/www.astrid-lindgren-schule-koeln.de\/wordpress\/wp-json\/wp\/v2\/media?parent=137"}],"curies":[{"name":"wp","href":"https:\/\/api.w.org\/{rel}","templated":true}]}}